{"id":56,"date":"2022-07-28T07:24:58","date_gmt":"2022-07-28T07:24:58","guid":{"rendered":"https:\/\/pelletteriaboni.com\/privacy\/"},"modified":"2023-01-31T08:39:49","modified_gmt":"2023-01-31T08:39:49","slug":"privacy","status":"publish","type":"page","link":"https:\/\/pelletteriaboni.com\/es\/privacy\/","title":{"rendered":"Privacidad"},"content":{"rendered":"<div data-elementor-type=\"wp-page\" data-elementor-id=\"56\" class=\"elementor elementor-56\" data-elementor-post-type=\"page\">\n\t\t\t\t\t\t<section class=\"elementor-section elementor-top-section elementor-element elementor-element-515836ab elementor-section-boxed elementor-section-height-default elementor-section-height-default\" data-id=\"515836ab\" data-element_type=\"section\" data-e-type=\"section\">\n\t\t\t\t\t\t<div class=\"elementor-container elementor-column-gap-no\">\n\t\t\t\t\t<div class=\"elementor-column elementor-col-100 elementor-top-column elementor-element elementor-element-5683e8ce\" data-id=\"5683e8ce\" data-element_type=\"column\" data-e-type=\"column\">\n\t\t\t<div class=\"elementor-widget-wrap elementor-element-populated\">\n\t\t\t\t\t\t<div class=\"elementor-element elementor-element-4bf3fe2 titolo elementor-widget elementor-widget-heading\" data-id=\"4bf3fe2\" data-element_type=\"widget\" data-e-type=\"widget\" data-widget_type=\"heading.default\">\n\t\t\t\t<div class=\"elementor-widget-container\">\n\t\t\t\t\t<h1 class=\"elementor-heading-title elementor-size-default\">Privacidad<\/h1>\t\t\t\t<\/div>\n\t\t\t\t<\/div>\n\t\t\t\t<div class=\"elementor-element elementor-element-5c4953b1 titolo-footer elementor-invisible elementor-widget elementor-widget-heading\" data-id=\"5c4953b1\" data-element_type=\"widget\" data-e-type=\"widget\" data-settings=\"{&quot;_animation&quot;:&quot;fadeIn&quot;,&quot;_animation_delay&quot;:400}\" data-widget_type=\"heading.default\">\n\t\t\t\t<div class=\"elementor-widget-container\">\n\t\t\t\t\t<h1 class=\"elementor-heading-title elementor-size-default\">Informaci\u00f3n al interesado sobre el tratamiento de datos personales de conformidad con los art\u00edculos 13 y 14 del Reglamento europeo n.\u00ba 679\/2016\n<\/h1>\t\t\t\t<\/div>\n\t\t\t\t<\/div>\n\t\t\t\t<div class=\"elementor-element elementor-element-6d8efc51 elementor-widget elementor-widget-text-editor\" data-id=\"6d8efc51\" data-element_type=\"widget\" data-e-type=\"widget\" data-widget_type=\"text-editor.default\">\n\t\t\t\t<div class=\"elementor-widget-container\">\n\t\t\t\t\t\t\t\t\t<p>POL\u00cdTICA DE PRIVACIDAD PARA EL TRATAMIENTO DE DATOS PERSONALES<span class=\"Apple-converted-space\">\u00a0<\/span><\/p><p>BONI SIMONA , en la persona de su representante legal, con domicilio social en P.zza del Duomo - Pisa-<span class=\"Apple-converted-space\">\u00a0 <\/span>-, P. IVA 01203200504, P.E.C. bonisimona@pec.cgn.it, en calidad de responsable del tratamiento, le informa de conformidad con el art. 13 del Decreto Legislativo n.\u00b0 196 del 30.6.2003 (en adelante, \"C\u00f3digo de Privacidad\") y el art. 13 del Reglamento UE n.\u00b0 2016\/679 (en adelante, \"GDPR\") que sus datos ser\u00e1n tratados de las siguientes maneras y para los siguientes fines:<span class=\"Apple-converted-space\">\u00a0<\/span><\/p><ol><li><b>Introducci\u00f3n<\/b><\/li><\/ol><p>El responsable del tratamiento se compromete a garantizar la protecci\u00f3n de sus datos personales.<\/p><p>Con este aviso, queremos ofrecerle una visi\u00f3n clara y transparente de la informaci\u00f3n que recopilamos y procesamos sobre nuestros clientes en el marco de la relaci\u00f3n contractual.<\/p><p>En los p\u00e1rrafos siguientes le explicaremos c\u00f3mo utilizamos sus datos personales, con qu\u00e9 fines y durante cu\u00e1nto tiempo, y le recordaremos c\u00f3mo garantizamos sus derechos y el cumplimiento de la normativa sobre protecci\u00f3n de datos.<\/p><ol start=\"2\"><li><b>Objeto del tratamiento<span class=\"Apple-converted-space\">\u00a0<\/span><\/b><\/li><\/ol><p>El Responsable del tratamiento trata datos personales identificativos (por ejemplo, nombre, apellidos, raz\u00f3n social, direcci\u00f3n, n\u00famero de tel\u00e9fono, correo electr\u00f3nico, referencias bancarias y de pago), en lo sucesivo denominados \"datos personales\" o tambi\u00e9n \"datos\", comunicados por usted al celebrar contratos de servicios del Responsable del tratamiento.<span class=\"Apple-converted-space\">\u00a0<\/span><\/p><ol start=\"3\"><li><b>Finalidad del tratamiento<span class=\"Apple-converted-space\">\u00a0<\/span><\/b><\/li><\/ol><p>Sus datos personales son objeto de tratamiento:<span class=\"Apple-converted-space\">\u00a0<\/span><\/p><p>A) sin su consentimiento expreso (Art. 24 lett. a), b), c) C\u00f3digo de Privacidad y Art. 6 lett. b), e) GDPR), para los siguientes Prop\u00f3sitos de Servicio:<span class=\"Apple-converted-space\">\u00a0<\/span><\/p><p>- celebrar contratos para los servicios del Interventor;<span class=\"Apple-converted-space\">\u00a0<\/span><\/p><p>- cumplir las obligaciones precontractuales, contractuales y fiscales derivadas de las relaciones existentes con usted;<span class=\"Apple-converted-space\">\u00a0<\/span><\/p><p>- cumplir las obligaciones establecidas por las leyes, los reglamentos, la legislaci\u00f3n de la UE o una orden de la Autoridad (como la lucha contra el blanqueo de capitales);<span class=\"Apple-converted-space\">\u00a0<\/span><\/p><p>- ejercer los derechos del Controlador, como el derecho de defensa ante los tribunales;<span class=\"Apple-converted-space\">\u00a0<\/span><\/p><p>B) S\u00f3lo con su consentimiento espec\u00edfico y por separado (Art. 23 y 130 C\u00f3digo de Privacidad y Art. 7 GDPR), para todos los datos mencionados en el Art. 9 del GDPR antes mencionado.<\/p><ol start=\"4\"><li><b>Modalidades de tratamiento <span class=\"Apple-converted-space\">\u00a0<\/span><\/b><\/li><\/ol><p>El tratamiento de sus datos personales se lleva a cabo mediante las operaciones indicadas en el Art. 4 C\u00f3digo de Privacidad y Art. 4 n. 2) GDPR y precisamente: recogida, registro, organizaci\u00f3n, almacenamiento, consulta, procesamiento, modificaci\u00f3n, selecci\u00f3n, extracci\u00f3n, comparaci\u00f3n, uso, interconexi\u00f3n, bloqueo, comunicaci\u00f3n, cancelaci\u00f3n y destrucci\u00f3n de datos. Sus datos personales se procesar\u00e1n tanto en papel como electr\u00f3nicamente, tambi\u00e9n mediante datos adquiridos a trav\u00e9s del sitio web. El responsable del tratamiento tratar\u00e1 sus datos personales durante el tiempo necesario para cumplir las finalidades mencionadas y, en cualquier caso, durante un plazo no superior a 10 a\u00f1os a partir de la finalizaci\u00f3n de la relaci\u00f3n.<\/p><ol start=\"5\"><li><b>Acceso a los datos<span class=\"Apple-converted-space\">\u00a0<\/span><\/b><\/li><\/ol><p>Sus datos podr\u00e1n hacerse accesibles para los fines establecidos en el art. 2:<span class=\"Apple-converted-space\">\u00a0<\/span><\/p><p>- a los empleados y colaboradores del Responsable del tratamiento, en su calidad de responsables y\/o encargados internos del tratamiento y\/o administradores de sistemas;<span class=\"Apple-converted-space\">\u00a0<\/span><\/p><p>- a terceras empresas u otras entidades (a modo de ejemplo, entidades de cr\u00e9dito, despachos profesionales, consultores, compa\u00f1\u00edas de seguros para la prestaci\u00f3n de servicios de seguros, etc.) que realicen actividades de externalizaci\u00f3n por cuenta del Responsable del tratamiento, en su calidad de encargados externos del tratamiento.<span class=\"Apple-converted-space\">\u00a0<\/span><\/p><ol start=\"6\"><li><b>Comunicaci\u00f3n de datos<span class=\"Apple-converted-space\">\u00a0<\/span><\/b><\/li><\/ol><p>Sin necesidad de su consentimiento expreso (de conformidad con el art\u00edculo 24, letras a), b) y d), del C\u00f3digo de Privacidad y el art\u00edculo 6, letras b) y c), del RGPD), el responsable del tratamiento podr\u00e1 revelar sus datos para los fines establecidos en el art\u00edculo 2, letra A), a organismos de supervisi\u00f3n (como el IVASS), autoridades judiciales, compa\u00f1\u00edas de seguros para la prestaci\u00f3n de servicios de seguros, y a aquellas partes a las que la ley exija la revelaci\u00f3n para el cumplimiento de los fines mencionados. Estos sujetos tratar\u00e1n los datos en su calidad de responsables aut\u00f3nomos del tratamiento. Sus datos no se difundir\u00e1n.<span class=\"Apple-converted-space\">\u00a0<\/span><\/p><ol start=\"7\"><li><b>Transferencia de datos al extranjero<\/b><\/li><\/ol><p>Actualmente no est\u00e1 previsto.<\/p><ol start=\"8\"><li><b>Derechos del interesado<span class=\"Apple-converted-space\">\u00a0<\/span><\/b><\/li><\/ol><p>- Derecho de acceso: tiene derecho a obtener confirmaci\u00f3n sobre si se est\u00e1n tratando o no sus datos, as\u00ed como a recibir cualquier informaci\u00f3n relacionada con dicho tratamiento. - Derecho de rectificaci\u00f3n - tiene derecho a que se rectifiquen sus datos si est\u00e1n incompletos o son inexactos. - Derecho de supresi\u00f3n (el llamado \"derecho al olvido\") - en determinadas circunstancias, tiene derecho a obtener la supresi\u00f3n de sus datos de nuestros archivos si no son pertinentes para la continuaci\u00f3n de la relaci\u00f3n contractual o<\/p><p>necesario por obligaci\u00f3n legal. - Derecho a la restricci\u00f3n del tratamiento: en determinadas condiciones, tiene derecho a obtener la restricci\u00f3n del tratamiento si es irrelevante para la continuaci\u00f3n de la relaci\u00f3n contractual o necesario por obligaci\u00f3n legal. - Derecho a la portabilidad: tiene derecho a obtener la transferencia de sus datos a otro responsable del tratamiento. - Derecho de oposici\u00f3n: tiene derecho a oponerse, en cualquier momento y por motivos relacionados con su situaci\u00f3n particular, al tratamiento de los datos que le conciernen basado en la condici\u00f3n legal de inter\u00e9s leg\u00edtimo o en el cumplimiento de una misi\u00f3n realizada en inter\u00e9s p\u00fablico o en el ejercicio de poderes p\u00fablicos, incluida la elaboraci\u00f3n de perfiles. - Derecho a revocar el consentimiento: tiene derecho a revocar el consentimiento -cuando se haya prestado- para el tratamiento de sus datos en cualquier momento, sin perjuicio de la licitud del tratamiento basado en su consentimiento antes de la revocaci\u00f3n. - Derecho a presentar una reclamaci\u00f3n ante la Autoridad de Control - en cualquier momento, tiene derecho a promover solicitudes para ejercer sus derechos. En cualquier caso, si desea presentar una reclamaci\u00f3n sobre la forma en que se tratan sus datos, o sobre la tramitaci\u00f3n de una reclamaci\u00f3n que haya presentado, tiene derecho a presentar una reclamaci\u00f3n directamente ante la Autoridad de Control.<\/p><ol><li><b>Modalidades de ejercicio de los derechos<span class=\"Apple-converted-space\">\u00a0<\/span><\/b><\/li><\/ol><p>Puede ejercer sus derechos en cualquier momento enviando: una carta certificada con acuse de recibo o un correo electr\u00f3nico al titular a las direcciones indicadas en el relato.<span class=\"Apple-converted-space\">\u00a0<\/span><\/p><ol start=\"2\"><li><b>Propietario, gerente y personas designadas<\/b><span class=\"Apple-converted-space\">\u00a0<\/span><\/li><\/ol><p>El responsable del tratamiento es BONI SIMONA en la persona de su representante legal, con domicilio social en P.zza del Duomo- Pisa - , P. IVA 01203200504, P.E.C. bonisimona@pec.cgn.it<\/p><p>La lista actualizada de los responsables del tratamiento se conserva en el domicilio social del responsable del tratamiento.<\/p><p>DECLARA TAMBI\u00c9N<\/p><p>\u25a0 que he le\u00eddo la pol\u00edtica de privacidad y doy mi consentimiento para la realizaci\u00f3n de actividades de marketing directo, como el env\u00edo -tambi\u00e9n por correo electr\u00f3nico, SMS y MMS, llamadas telef\u00f3nicas, mailings- de material publicitario y comunicaciones de contenido informativo y\/o promocional en relaci\u00f3n con las actividades desarrolladas por el Responsable o sus socios.<\/p>\t\t\t\t\t\t\t\t<\/div>\n\t\t\t\t<\/div>\n\t\t\t\t<div class=\"elementor-element elementor-element-02486d7 titolo elementor-widget elementor-widget-heading\" data-id=\"02486d7\" data-element_type=\"widget\" data-e-type=\"widget\" id=\"cookie\" data-widget_type=\"heading.default\">\n\t\t\t\t<div class=\"elementor-widget-container\">\n\t\t\t\t\t<h1 class=\"elementor-heading-title elementor-size-default\">Cookies<\/h1>\t\t\t\t<\/div>\n\t\t\t\t<\/div>\n\t\t\t\t<div class=\"elementor-element elementor-element-b634271 elementor-widget elementor-widget-text-editor\" data-id=\"b634271\" data-element_type=\"widget\" data-e-type=\"widget\" data-widget_type=\"text-editor.default\">\n\t\t\t\t<div class=\"elementor-widget-container\">\n\t\t\t\t\t\t\t\t\t<p>Con esta Pol\u00edtica queremos informarle de forma transparente sobre c\u00f3mo (y con qu\u00e9 fines) utilizamos las cookies y otras herramientas de seguimiento en este sitio web.<\/p><p><b>\u00bfQu\u00e9 son las cookies y otras herramientas de seguimiento, para qu\u00e9 se utilizan y qui\u00e9n las instala?<br \/><\/b>Las cookies son peque\u00f1as cadenas de texto que los sitios web que visita env\u00edan a su dispositivo (por ejemplo, PC, tableta, smartphone...) donde son almacenadas y\/o le\u00eddas por su navegador. Permiten al navegador enviar informaci\u00f3n a la persona que instal\u00f3 las cookies para ofrecerle una navegaci\u00f3n \u00f3ptima, elaborar estad\u00edsticas sobre sus visitas, ofrecerle contenidos personalizados y publicidad dirigida.<span class=\"Apple-converted-space\">\u00a0<\/span><\/p><p>Las cookies est\u00e1n contenidas en diversos elementos alojados en el propio sitio (como banners publicitarios, im\u00e1genes, v\u00eddeos, etc.).<br \/>Al navegar por este sitio, es posible que reciba las siguientes cookies en su dispositivo:<\/p><ul><li>cookies de origen: son cookies enviadas desde el sitio web del responsable del tratamiento que usted est\u00e1 visitando. La gesti\u00f3n y la responsabilidad de las cookies de origen corresponden al Responsable del Tratamiento.<\/li><\/ul><p><b>Cu\u00e1l es la finalidad de esta Pol\u00edtica de Cookies?<\/b><br \/>En cumplimiento de lo dispuesto en la legislaci\u00f3n vigente en materia de protecci\u00f3n de datos personales (en particular el Reglamento (UE) 2016\/679 relativo a la protecci\u00f3n de datos personales \"GDPR\" y la legislaci\u00f3n europea e italiana sobre cookies) le informamos sobre el tratamiento de sus datos personales recogidos a trav\u00e9s de cookies. El tratamiento se basar\u00e1 en los principios de equidad, legalidad y transparencia, as\u00ed como en la protecci\u00f3n de su privacidad y la protecci\u00f3n de sus derechos.<\/p><p><b>\u00bfQui\u00e9n es el responsable del tratamiento? \u00bfC\u00f3mo ponerse en contacto con \u00e9l?<br \/><\/b>El responsable del tratamiento de sus datos personales es BONI SIMONA, titular de la empresa unipersonal del mismo nombre (en lo sucesivo, el \"Responsable del Tratamiento\"). Sus datos de contacto son los siguientes P.zza del Duomo - Pisa-<span class=\"Apple-converted-space\">\u00a0 <\/span>-, P. IVA 01203200504, P.E.C. bonisimona@pec.cgn.it<span class=\"Apple-converted-space\">\u00a0<\/span><\/p><p><b>\u00bfQu\u00e9 cookies y otras herramientas de seguimiento utiliza este sitio? \u00bfCon qu\u00e9 fines y sobre qu\u00e9 base jur\u00eddica? \u00bfEs obligatorio facilitar los datos? \u00bfQu\u00e9 ocurre si no los facilito?<\/b><br \/>Las cookies y otras herramientas de seguimiento utilizadas por este sitio pueden clasificarse seg\u00fan las siguientes macrocategor\u00edas:<br \/>Cookies t\u00e9cnicas, que sirven para el funcionamiento del sitio (incluidos otros identificadores t\u00e9cnicos), que no requieren su consentimiento. Las cookies t\u00e9cnicas y otros identificadores t\u00e9cnicos se utilizan para llevar a cabo la transmisi\u00f3n de una comunicaci\u00f3n a trav\u00e9s de una red de comunicaciones electr\u00f3nicas o para prestar un servicio inform\u00e1tico que usted haya solicitado expl\u00edcitamente. Esta categor\u00eda incluye las cookies que sirven para los fines indicados respectivamente:<\/p><p>- cookies de navegaci\u00f3n o de sesi\u00f3n: se utilizan para garantizar la navegaci\u00f3n y el uso normal del sitio web (permitiendo, por ejemplo, realizar una compra o autenticarse para acceder a zonas restringidas);<br \/>- cookies anal\u00edticas anonimizadas: se utilizan \u00fanicamente para recopilar informaci\u00f3n, de forma agregada y por tanto no trazable a la persona, relativa al n\u00famero de usuarios a las p\u00e1ginas m\u00e1s visitadas, los lugares desde los que se conectan, etc. con el fin de elaborar estad\u00edsticas sobre el servicio y el uso del sitio. Estas cookies tambi\u00e9n pueden ser cookies de terceros. En este caso, sin embargo, el propietario del sitio las ha convertido en an\u00f3nimas (habiendo enmascarado al menos el cuarto componente de la direcci\u00f3n IP) y el tercero se abstiene de combinar las cookies anal\u00edticas con otros tratamientos (por ejemplo, ficheros de clientes o estad\u00edsticas de visitas a otros sitios) o de transmitirlas a otros terceros;<br \/>- cookies de funcionalidad: permiten al usuario navegar seg\u00fan una serie de criterios seleccionados (por ejemplo, idioma, productos seleccionados para la compra) con el fin de mejorar el servicio prestado al usuario.<\/p><p>Base jur\u00eddica.<br \/>En el caso de las cookies t\u00e9cnicas, la base jur\u00eddica reside en la ejecuci\u00f3n de un contrato o de medidas precontractuales (art. 6.b del RGPD), ya que son necesarias para que los usuarios puedan utilizar el sitio web y el servicio solicitado. El uso de dichas cookies no requiere su consentimiento.<\/p><p><b>Necesidad de aportar datos y consecuencias.<\/b><br \/>El suministro de los datos recogidos a trav\u00e9s de las cookies descritas anteriormente no es obligatorio, sin embargo es necesario para poder conectarse al sitio y prestar el servicio. En ausencia parcial o total de dicho otorgamiento, usted no podr\u00e1 utilizar el sitio o puede haber problemas en su uso.<\/p><p>La lista de cookies t\u00e9cnicas utilizadas por este sitio con sus caracter\u00edsticas (por ejemplo, caracter\u00edsticas, tiempos de retenci\u00f3n de datos, etc.) est\u00e1 disponible en el \u00e1rea de cookies apropiada accesible desde el banner (Enlace presente en la parte inferior de este aviso)<\/p><p>Puede modificar o revocar su consentimiento en cualquier momento <br \/>La pol\u00edtica de privacidad completa puede consultarse en este sitio.<\/p>\t\t\t\t\t\t\t\t<\/div>\n\t\t\t\t<\/div>\n\t\t\t\t<div class=\"elementor-element elementor-element-7c58c14 elementor-widget-divider--view-line elementor-widget elementor-widget-divider\" data-id=\"7c58c14\" data-element_type=\"widget\" data-e-type=\"widget\" data-widget_type=\"divider.default\">\n\t\t\t\t<div class=\"elementor-widget-container\">\n\t\t\t\t\t\t\t<div class=\"elementor-divider\">\n\t\t\t<span class=\"elementor-divider-separator\">\n\t\t\t\t\t\t<\/span>\n\t\t<\/div>\n\t\t\t\t\t\t<\/div>\n\t\t\t\t<\/div>\n\t\t\t\t<div class=\"elementor-element elementor-element-1f2a0e1 elementor-widget elementor-widget-text-editor\" data-id=\"1f2a0e1\" data-element_type=\"widget\" data-e-type=\"widget\" data-widget_type=\"text-editor.default\">\n\t\t\t\t<div class=\"elementor-widget-container\">\n\t\t\t\t\t\t\t\t\t<p class=\"xmprfx_MsoNormal\"><b class=\"\">Declaro haber recibido Ayudas de Estado y\/o Ayudas de minimis en el a\u00f1o 2021 sujetas a la obligaci\u00f3n de publicaci\u00f3n en el Registro Nacional de la Secci\u00f3n de Transparencia de Ayudas de Estado (RNA)\u00a0<\/b><b class=\"\">y tambi\u00e9n recibi\u00f3 una contribuci\u00f3n in\u00e9dita en el RNA que se detalla a continuaci\u00f3n:<\/b><\/p><p class=\"xmprfx_MsoNormal\"><b class=\"\"><u class=\"\"><\/u>\u00a0<u class=\"\"><\/u><\/b><\/p><ul class=\"\" type=\"disc\"><li class=\"xmprfx_MsoNormal\"><b class=\"\"><span class=\"\">Nombre y c\u00f3digo fiscal de la parte receptora: Boni Simona CF. BNOSMN67E59E715J<\/span><\/b><u class=\"\"><\/u><u class=\"\"><\/u><\/li><li class=\"xmprfx_MsoNormal\"><b class=\"\"><span class=\"\">Nombre de la autoridad que concede las ayudas: Municipio de San Giuliano Terme (PI)\u00a0<\/span><\/b><u class=\"\"><\/u><u class=\"\"><\/u><\/li><li class=\"xmprfx_MsoNormal\"><b class=\"\"><span class=\"\">Importe recibido: 1.523,71 euros<\/span><\/b><u class=\"\"><\/u><u class=\"\"><\/u><\/li><li class=\"xmprfx_MsoNormal\"><b class=\"\"><span class=\"\">Fecha de recogida; 30\/04\/2021<\/span><\/b><u class=\"\"><\/u><u class=\"\"><\/u><\/li><li class=\"xmprfx_MsoNormal\"><b class=\"\"><span class=\"\">Causale<\/span><\/b><span class=\"\">\u00a0<b class=\"\">Apoyo a las actividades productivas obligadas, en virtud de los distintos decretos ministeriales aprobados desde marzo de 2020, a suspender o limitar sus actividades durante la emergencia sanitaria provocada por el virus Covid-19.<\/b><\/span><\/li><\/ul>\t\t\t\t\t\t\t\t<\/div>\n\t\t\t\t<\/div>\n\t\t\t\t\t<\/div>\n\t\t<\/div>\n\t\t\t\t\t<\/div>\n\t\t<\/section>\n\t\t\t\t<\/div>","protected":false},"excerpt":{"rendered":"<p>Privacy Informazioni all\u2019interessato sul trattamento dei dati personali prevista dagli art. 13 e 14 del Regolamento Europeo n. 679\/2016 INFORMATIVA PER IL TRATTAMENTO DEI DATI PERSONALI\u00a0 BONI SIMONA , in persona del legale rappresentante, con sede in P.zza del Duomo \u2013 Pisa-\u00a0 \u2013, P. IVA 01203200504, P.E.C. bonisimona@pec.cgn.it, in qualit\u00e0 di titolare del trattamento, La [&hellip;]<\/p>\n","protected":false},"author":1,"featured_media":0,"parent":0,"menu_order":0,"comment_status":"closed","ping_status":"closed","template":"elementor_header_footer","meta":{"footnotes":""},"class_list":["post-56","page","type-page","status-publish","hentry"],"_links":{"self":[{"href":"https:\/\/pelletteriaboni.com\/es\/wp-json\/wp\/v2\/pages\/56","targetHints":{"allow":["GET"]}}],"collection":[{"href":"https:\/\/pelletteriaboni.com\/es\/wp-json\/wp\/v2\/pages"}],"about":[{"href":"https:\/\/pelletteriaboni.com\/es\/wp-json\/wp\/v2\/types\/page"}],"author":[{"embeddable":true,"href":"https:\/\/pelletteriaboni.com\/es\/wp-json\/wp\/v2\/users\/1"}],"replies":[{"embeddable":true,"href":"https:\/\/pelletteriaboni.com\/es\/wp-json\/wp\/v2\/comments?post=56"}],"version-history":[{"count":33,"href":"https:\/\/pelletteriaboni.com\/es\/wp-json\/wp\/v2\/pages\/56\/revisions"}],"predecessor-version":[{"id":1608,"href":"https:\/\/pelletteriaboni.com\/es\/wp-json\/wp\/v2\/pages\/56\/revisions\/1608"}],"wp:attachment":[{"href":"https:\/\/pelletteriaboni.com\/es\/wp-json\/wp\/v2\/media?parent=56"}],"curies":[{"name":"wp","href":"https:\/\/api.w.org\/{rel}","templated":true}]}}